{"id":262,"date":"2021-04-28T17:04:48","date_gmt":"2021-04-28T15:04:48","guid":{"rendered":"https:\/\/voices.tauschinski.com\/?page_id=262"},"modified":"2026-01-11T13:13:12","modified_gmt":"2026-01-11T12:13:12","slug":"konzerttermine","status":"publish","type":"page","link":"https:\/\/www.stephanus-voices.de\/index.php\/konzerttermine\/","title":{"rendered":"Termine 2025"},"content":{"rendered":"<div  class=\"tatsu-BJZR5KxPwO tatsu-section  tatsu-bg-overlay   tatsu-clearfix\" data-title=\"\"  data-headerscheme=\"background--dark\"><div class='tatsu-section-pad clearfix' data-padding='{\"d\":\"4% 0% 4% 0%\"}' data-padding-top='4%'><div class=\"tatsu-row-wrap  tatsu-wrap tatsu-row-one-col tatsu-row-has-one-cols tatsu-medium-gutter tatsu-reg-cols  tatsu-clearfix tatsu-ryxC9tePD_\" ><div  class=\"tatsu-row \" ><div  class=\"tatsu-column  tatsu-bg-overlay tatsu-one-col tatsu-column-image-none tatsu-column-effect-none  tatsu-ryCqtxwvu\"  data-parallax-speed=\"0\" style=\"\"><div class=\"tatsu-column-inner \" ><div class=\"tatsu-column-pad-wrap\"><div class=\"tatsu-column-pad\" ><div  class=\"tatsu-module tatsu-text-block-wrap tatsu-SJMcN-Pvd  \"><div class=\"tatsu-text-inner tatsu-align-center  clearfix\" ><style>.tatsu-SJMcN-Pvd.tatsu-text-block-wrap .tatsu-text-inner{width: 100%;text-align: left;}<\/style>\n<h2 style=\"text-align: center;\">Termine 2026<\/h2>\n<p style=\"text-align: center;\">Wir haben noch mehr Termine in Planung &#8211; diese Seite wird laufend aktualisiert!<\/p>\n<\/div><\/div><div  class=\"tatsu-module tatsu-normal-button tatsu-button-wrap align-block block-center  tatsu-H1ED82Z2i   tatsu-hide-desktop tatsu-hide-laptop tatsu-hide-tablet tatsu-hide-mobile \"><a class=\"tatsu-shortcode mediumbtn tatsu-button left-icon    bg-animation-none  \" href=\"https:\/\/www.stephanus-voices.de\/wp-content\/uploads\/SV_allg.Konzertflyer_2023_PRINT.pdf\" style= \"\"  aria-label=\"Alle Termine im Jahr 2023 als Flyer zum Download\" data-gdpr-atts={} target=\"_blank\">Alle Termine im Jahr 2023 als Flyer zum Download<\/a><style>.tatsu-H1ED82Z2i .tatsu-button{background-color: rgba(200,0,0,1);color: #ffffff ;}<\/style><\/div><div  class = \"portfolio-all-wrap oshine-portfolio-module tatsu-HkwiYePwd\"  > <div class=\"portfolio full-screen  full-screen-gutter masonry_disable style2-gutter three-col \"  data-action=\"get_ajax_full_screen_gutter_portfolio\" data-category=\"konzerte,gottesdienste,sonstiges\" data-aspect-ratio = \"1.3\" data-enable-masonry=\"0\" data-showposts=\"9\" data-paged=\"2\" data-col=\"three\" data-gallery=\"0\" data-filter=\"portfolio_categories\" data-meta_to_show=\"portfolio_categories\" data-show_filters=\"yes\" data-thumbnail-bg-color=\"\" data-thumbnail-bg-gradient=\"\" data-title-style=\"style6\" data-cat-color=\"\" data-title-color=\"\"  data-gutter-width=\"30\" data-img-grayscale=\"c_to_c\" data-image-effect=\"zoom-in\"\" data-gradient-style-color=\"\" data-cat-hide=\"0\" data-like-indicator=\"1\" style=\"margin-left: -30px;\"><div class=\"filters clearfix single_border align-center\" style=\"margin-left:30px;\"><div class=\"filter_item\"><span class=\"sort current_choice\" data-id=\"element\">All<\/span><\/div><div class=\"filter_item\"><span class=\"sort\" data-id=\"gottesdienste\">Gottesdienste<\/span><\/div><div class=\"filter_item\"><span class=\"sort\" data-id=\"konzerte\">Konzerte<\/span><\/div><\/div><div class=\"portfolio-container clickable clearfix portfolio-shortcode  fadeIn \"><div class=\"element be-hoverlay not-wide no-wide-width-height  c_to_c style6-title\"style=\"margin-bottom: 30px;\" data-category-names = \"konzerte \"><div class=\"element-inner\" style=\"margin-left: 30px;\"><a href=\"https:\/\/www.stephanus-voices.de\/index.php\/portfolio\/fruehjahrskonzert-am-16-mai-2026\/\" class=\" thumb-wrap   \" data-gdpr-atts={} title=\"You've got a friend\" ><div class=\"flip-wrap\" ><div   style = \"padding-bottom : 76.923076923077%;;\" class=\"flip-img-wrap zoom-in-effect\"><img decoding=\"async\" src=\"https:\/\/www.stephanus-voices.de\/wp-content\/uploads\/1000029181-650x500.jpg\" alt=\"Eine Gruppe Gospel-S\u00e4nger der Stephanus-Voices\"\/><\/div><\/div><div class=\"thumb-overlay \"><div class=\"thumb-bg \" ><div class=\"thumb-title-wrap \"><div class=\"thumb-title \" data-animation-type=\"none\"style=\"text-align: center;\">Konzert: You\u2019ve Got A Friend<br> am 16. Mai 2026<\/div><div class=\"portfolio-item-cats \" data-animation-type=\"none\"style=\"text-align: center;\"><span>Konzerte<\/span><\/div><\/div><\/div><\/div><\/a><\/div><\/div><div class=\"element be-hoverlay not-wide no-wide-width-height  c_to_c style6-title\"style=\"margin-bottom: 30px;\" data-category-names = \"gottesdienste \"><div class=\"element-inner\" style=\"margin-left: 30px;\"><a href=\"https:\/\/www.stephanus-voices.de\/index.php\/portfolio\/gospelgottesdienst-am-11-oktober-2026\/\" class=\" thumb-wrap   \" data-gdpr-atts={} title=\"Stephanuskirche\" ><div class=\"flip-wrap\" ><div   style = \"padding-bottom : 76.923076923077%;;\" class=\"flip-img-wrap zoom-in-effect\"><img decoding=\"async\" src=\"https:\/\/www.stephanus-voices.de\/wp-content\/uploads\/stephanuskirche-1-650x500.jpg\" alt=\"\"\/><\/div><\/div><div class=\"thumb-overlay \"><div class=\"thumb-bg \" ><div class=\"thumb-title-wrap \"><div class=\"thumb-title \" data-animation-type=\"none\"style=\"text-align: center;\">Gospelgottesdienst<br> am 11. Oktober 2026<\/div><div class=\"portfolio-item-cats \" data-animation-type=\"none\"style=\"text-align: center;\"><span>Gottesdienste<\/span><\/div><\/div><\/div><\/div><\/a><\/div><\/div><div class=\"element be-hoverlay not-wide no-wide-width-height  c_to_c style6-title\"style=\"margin-bottom: 30px;\" data-category-names = \"konzerte \"><div class=\"element-inner\" style=\"margin-left: 30px;\"><a href=\"https:\/\/www.stephanus-voices.de\/index.php\/portfolio\/weihnachtskonzert-11-12-2026\/\" class=\" thumb-wrap   \" data-gdpr-atts={} title=\"weihnachtskonzert-2025\" ><div class=\"flip-wrap\" ><div   style = \"padding-bottom : 76.923076923077%;;\" class=\"flip-img-wrap zoom-in-effect\"><img decoding=\"async\" src=\"https:\/\/www.stephanus-voices.de\/wp-content\/uploads\/weihnachtskonzert-2025-650x500.jpeg\" alt=\"\"\/><\/div><\/div><div class=\"thumb-overlay \"><div class=\"thumb-bg \" ><div class=\"thumb-title-wrap \"><div class=\"thumb-title \" data-animation-type=\"none\"style=\"text-align: center;\">Konzert<br> am 14. November 2026<\/div><div class=\"portfolio-item-cats \" data-animation-type=\"none\"style=\"text-align: center;\"><span>Konzerte<\/span><\/div><\/div><\/div><\/div><\/a><\/div><\/div><\/div><\/div><\/div><\/div><\/div><div class = \"tatsu-column-bg-image-wrap\"><div class = \"tatsu-column-bg-image\" ><\/div><\/div><div class=\"tatsu-overlay tatsu-column-overlay tatsu-animate-none\" ><\/div><\/div><style>.tatsu-row > .tatsu-ryCqtxwvu.tatsu-column{width: 100%;}.tatsu-ryCqtxwvu.tatsu-column > .tatsu-column-inner > .tatsu-column-pad-wrap > .tatsu-column-pad{padding: 0px 0px 20px 0px;}.tatsu-ryCqtxwvu.tatsu-column > .tatsu-column-inner > .tatsu-column-overlay{mix-blend-mode: normal;}.tatsu-ryCqtxwvu > .tatsu-column-inner > .tatsu-top-divider{z-index: 9999;}.tatsu-ryCqtxwvu > .tatsu-column-inner > .tatsu-bottom-divider{z-index: 9999;}.tatsu-ryCqtxwvu > .tatsu-column-inner > .tatsu-left-divider{z-index: 9999;}.tatsu-ryCqtxwvu > .tatsu-column-inner > .tatsu-right-divider{z-index: 9999;}@media only screen and (max-width:1377px) {.tatsu-row > .tatsu-ryCqtxwvu.tatsu-column{width: 100%;}}@media only screen and (min-width:768px) and (max-width: 1024px) {.tatsu-row > .tatsu-ryCqtxwvu.tatsu-column{width: 100%;}}@media only screen and (max-width: 767px) {.tatsu-row > .tatsu-ryCqtxwvu.tatsu-column{width: 100%;}}<\/style><\/div><\/div><\/div><\/div><div class=\"tatsu-section-background-wrap\"><div class = \"tatsu-section-background\" ><\/div><\/div><div class=\"tatsu-overlay tatsu-section-overlay\"><\/div><style>.tatsu-BJZR5KxPwO .tatsu-section-pad{padding: 4% 0% 4% 0%;}.tatsu-BJZR5KxPwO .tatsu-section-offset-wrap{transform: translateY(-0px);}.tatsu-BJZR5KxPwO > .tatsu-bottom-divider{z-index: 9999;}.tatsu-BJZR5KxPwO > .tatsu-top-divider{z-index: 9999;}.tatsu-BJZR5KxPwO .tatsu-section-overlay{mix-blend-mode: normal;}<\/style><\/div>\n","protected":false},"excerpt":{"rendered":"<p><a href=\"https:\/\/www.stephanus-voices.de\/index.php\/portfolio\/weihnachtskonzert-11-12-2026\/\" class=\"more-link style1-button\">Weiterlesen<\/a><\/p>","protected":false},"author":1,"featured_media":0,"parent":0,"menu_order":0,"comment_status":"closed","ping_status":"closed","template":"","meta":{"footnotes":""},"class_list":["post-262","page","type-page","status-publish","hentry"],"yoast_head":"<!-- This site is optimized with the Yoast SEO plugin v27.5 - https:\/\/yoast.com\/product\/yoast-seo-wordpress\/ -->\n<title>Termine 2025 - Gospelchor Stephanus Voices<\/title>\n<meta name=\"description\" content=\"Alle Termine der Gospelkonzerte, Gospelgottsdienste und anderer Auftritte des Gospelchors Stephanus Voices aus M\u00fcnchen.\" \/>\n<meta name=\"robots\" content=\"index, follow, max-snippet:-1, max-image-preview:large, max-video-preview:-1\" \/>\n<link rel=\"canonical\" href=\"https:\/\/www.stephanus-voices.de\/index.php\/konzerttermine\/\" \/>\n<meta property=\"og:locale\" content=\"de_DE\" \/>\n<meta property=\"og:type\" content=\"article\" \/>\n<meta property=\"og:title\" content=\"Termine 2025 - Gospelchor Stephanus Voices\" \/>\n<meta property=\"og:description\" content=\"Alle Termine der Gospelkonzerte, Gospelgottsdienste und anderer Auftritte des Gospelchors Stephanus Voices aus M\u00fcnchen.\" \/>\n<meta property=\"og:url\" content=\"https:\/\/www.stephanus-voices.de\/index.php\/konzerttermine\/\" \/>\n<meta property=\"og:site_name\" content=\"Gospelchor Stephanus Voices\" \/>\n<meta property=\"article:publisher\" content=\"https:\/\/www.facebook.com\/StephanusVoices\/\" \/>\n<meta property=\"article:modified_time\" content=\"2026-01-11T12:13:12+00:00\" \/>\n<meta name=\"twitter:card\" content=\"summary_large_image\" \/>\n<meta name=\"twitter:label1\" content=\"Gesch\u00e4tzte Lesezeit\" \/>\n\t<meta name=\"twitter:data1\" content=\"3\u00a0Minuten\" \/>\n<script type=\"application\/ld+json\" class=\"yoast-schema-graph\">{\"@context\":\"https:\\\/\\\/schema.org\",\"@graph\":[{\"@type\":\"WebPage\",\"@id\":\"https:\\\/\\\/www.stephanus-voices.de\\\/index.php\\\/konzerttermine\\\/\",\"url\":\"https:\\\/\\\/www.stephanus-voices.de\\\/index.php\\\/konzerttermine\\\/\",\"name\":\"Termine 2025 - Gospelchor Stephanus Voices\",\"isPartOf\":{\"@id\":\"https:\\\/\\\/www.stephanus-voices.de\\\/#website\"},\"datePublished\":\"2021-04-28T15:04:48+00:00\",\"dateModified\":\"2026-01-11T12:13:12+00:00\",\"description\":\"Alle Termine der Gospelkonzerte, Gospelgottsdienste und anderer Auftritte des Gospelchors Stephanus Voices aus M\u00fcnchen.\",\"breadcrumb\":{\"@id\":\"https:\\\/\\\/www.stephanus-voices.de\\\/index.php\\\/konzerttermine\\\/#breadcrumb\"},\"inLanguage\":\"de\",\"potentialAction\":[{\"@type\":\"ReadAction\",\"target\":[\"https:\\\/\\\/www.stephanus-voices.de\\\/index.php\\\/konzerttermine\\\/\"]}]},{\"@type\":\"BreadcrumbList\",\"@id\":\"https:\\\/\\\/www.stephanus-voices.de\\\/index.php\\\/konzerttermine\\\/#breadcrumb\",\"itemListElement\":[{\"@type\":\"ListItem\",\"position\":1,\"name\":\"Start\",\"item\":\"https:\\\/\\\/www.stephanus-voices.de\\\/\"},{\"@type\":\"ListItem\",\"position\":2,\"name\":\"Termine 2025\"}]},{\"@type\":\"WebSite\",\"@id\":\"https:\\\/\\\/www.stephanus-voices.de\\\/#website\",\"url\":\"https:\\\/\\\/www.stephanus-voices.de\\\/\",\"name\":\"Gospelchor Stephanus Voices\",\"description\":\"Mitrei\u00dfender Gospelgesang aus M\u00fcnchen mit mehr als 50 singenden und swingenden Stimmen. Gefragter Chor f\u00fcr Hochzeiten, Taufen und Events.\",\"potentialAction\":[{\"@type\":\"SearchAction\",\"target\":{\"@type\":\"EntryPoint\",\"urlTemplate\":\"https:\\\/\\\/www.stephanus-voices.de\\\/?s={search_term_string}\"},\"query-input\":{\"@type\":\"PropertyValueSpecification\",\"valueRequired\":true,\"valueName\":\"search_term_string\"}}],\"inLanguage\":\"de\"}]}<\/script>\n<!-- \/ Yoast SEO plugin. -->","yoast_head_json":{"title":"Termine 2025 - Gospelchor Stephanus Voices","description":"Alle Termine der Gospelkonzerte, Gospelgottsdienste und anderer Auftritte des Gospelchors Stephanus Voices aus M\u00fcnchen.","robots":{"index":"index","follow":"follow","max-snippet":"max-snippet:-1","max-image-preview":"max-image-preview:large","max-video-preview":"max-video-preview:-1"},"canonical":"https:\/\/www.stephanus-voices.de\/index.php\/konzerttermine\/","og_locale":"de_DE","og_type":"article","og_title":"Termine 2025 - Gospelchor Stephanus Voices","og_description":"Alle Termine der Gospelkonzerte, Gospelgottsdienste und anderer Auftritte des Gospelchors Stephanus Voices aus M\u00fcnchen.","og_url":"https:\/\/www.stephanus-voices.de\/index.php\/konzerttermine\/","og_site_name":"Gospelchor Stephanus Voices","article_publisher":"https:\/\/www.facebook.com\/StephanusVoices\/","article_modified_time":"2026-01-11T12:13:12+00:00","twitter_card":"summary_large_image","twitter_misc":{"Gesch\u00e4tzte Lesezeit":"3\u00a0Minuten"},"schema":{"@context":"https:\/\/schema.org","@graph":[{"@type":"WebPage","@id":"https:\/\/www.stephanus-voices.de\/index.php\/konzerttermine\/","url":"https:\/\/www.stephanus-voices.de\/index.php\/konzerttermine\/","name":"Termine 2025 - Gospelchor Stephanus Voices","isPartOf":{"@id":"https:\/\/www.stephanus-voices.de\/#website"},"datePublished":"2021-04-28T15:04:48+00:00","dateModified":"2026-01-11T12:13:12+00:00","description":"Alle Termine der Gospelkonzerte, Gospelgottsdienste und anderer Auftritte des Gospelchors Stephanus Voices aus M\u00fcnchen.","breadcrumb":{"@id":"https:\/\/www.stephanus-voices.de\/index.php\/konzerttermine\/#breadcrumb"},"inLanguage":"de","potentialAction":[{"@type":"ReadAction","target":["https:\/\/www.stephanus-voices.de\/index.php\/konzerttermine\/"]}]},{"@type":"BreadcrumbList","@id":"https:\/\/www.stephanus-voices.de\/index.php\/konzerttermine\/#breadcrumb","itemListElement":[{"@type":"ListItem","position":1,"name":"Start","item":"https:\/\/www.stephanus-voices.de\/"},{"@type":"ListItem","position":2,"name":"Termine 2025"}]},{"@type":"WebSite","@id":"https:\/\/www.stephanus-voices.de\/#website","url":"https:\/\/www.stephanus-voices.de\/","name":"Gospelchor Stephanus Voices","description":"Mitrei\u00dfender Gospelgesang aus M\u00fcnchen mit mehr als 50 singenden und swingenden Stimmen. Gefragter Chor f\u00fcr Hochzeiten, Taufen und Events.","potentialAction":[{"@type":"SearchAction","target":{"@type":"EntryPoint","urlTemplate":"https:\/\/www.stephanus-voices.de\/?s={search_term_string}"},"query-input":{"@type":"PropertyValueSpecification","valueRequired":true,"valueName":"search_term_string"}}],"inLanguage":"de"}]}},"_links":{"self":[{"href":"https:\/\/www.stephanus-voices.de\/index.php\/wp-json\/wp\/v2\/pages\/262","targetHints":{"allow":["GET"]}}],"collection":[{"href":"https:\/\/www.stephanus-voices.de\/index.php\/wp-json\/wp\/v2\/pages"}],"about":[{"href":"https:\/\/www.stephanus-voices.de\/index.php\/wp-json\/wp\/v2\/types\/page"}],"author":[{"embeddable":true,"href":"https:\/\/www.stephanus-voices.de\/index.php\/wp-json\/wp\/v2\/users\/1"}],"replies":[{"embeddable":true,"href":"https:\/\/www.stephanus-voices.de\/index.php\/wp-json\/wp\/v2\/comments?post=262"}],"version-history":[{"count":46,"href":"https:\/\/www.stephanus-voices.de\/index.php\/wp-json\/wp\/v2\/pages\/262\/revisions"}],"predecessor-version":[{"id":1830,"href":"https:\/\/www.stephanus-voices.de\/index.php\/wp-json\/wp\/v2\/pages\/262\/revisions\/1830"}],"wp:attachment":[{"href":"https:\/\/www.stephanus-voices.de\/index.php\/wp-json\/wp\/v2\/media?parent=262"}],"curies":[{"name":"wp","href":"https:\/\/api.w.org\/{rel}","templated":true}]}}